{"id":321,"date":"2024-09-18T10:31:14","date_gmt":"2024-09-18T08:31:14","guid":{"rendered":"https:\/\/balkantanz-jena.de\/tanz\/?page_id=321"},"modified":"2025-11-26T13:26:47","modified_gmt":"2025-11-26T12:26:47","slug":"start","status":"publish","type":"page","link":"https:\/\/balkantanz-jena.de\/tanz\/","title":{"rendered":"Start"},"content":{"rendered":"\t\t<div data-elementor-type=\"wp-post\" data-elementor-id=\"321\" class=\"elementor elementor-321\">\n\t\t\t\t<div class=\"elementor-element elementor-element-6d32be0 e-flex e-con-boxed e-con e-parent\" data-id=\"6d32be0\" data-element_type=\"container\" data-settings=\"{&quot;background_background&quot;:&quot;classic&quot;}\">\n\t\t\t\t\t<div class=\"e-con-inner\">\n\t\t\t\t<div class=\"elementor-element elementor-element-55aed54 elementor-widget elementor-widget-spacer\" data-id=\"55aed54\" data-element_type=\"widget\" data-widget_type=\"spacer.default\">\n\t\t\t\t<div class=\"elementor-widget-container\">\n\t\t\t\t\t<div class=\"elementor-spacer\">\n\t\t\t<div class=\"elementor-spacer-inner\"><\/div>\n\t\t<\/div>\n\t\t\t\t<\/div>\n\t\t\t\t<\/div>\n\t\t\t\t\t<\/div>\n\t\t\t\t<\/div>\n\t\t<div class=\"elementor-element elementor-element-e6b5ff9 e-flex e-con-boxed e-con e-parent\" data-id=\"e6b5ff9\" data-element_type=\"container\" data-settings=\"{&quot;background_background&quot;:&quot;classic&quot;}\">\n\t\t\t\t\t<div class=\"e-con-inner\">\n\t\t\t\t<div class=\"elementor-element elementor-element-ef0e7b5 elementor-widget elementor-widget-html\" data-id=\"ef0e7b5\" data-element_type=\"widget\" data-widget_type=\"html.default\">\n\t\t\t\t<div class=\"elementor-widget-container\">\n\t\t\t<div class=\"hero-container\">\n    <div class=\"hero-text\">\n        <h1>Tanz in Jena <\/h1>\n        <h3> Entdecke die Vielfalt der Balkanregion<\/h3>\n        <h5><\/h5>\n    <\/div>\n<\/div>\n\n<style>\n    \/* Stil f\u00fcr den Container *\/\n    .hero-container {\n        position: relative;\n        width: 100%;\n        height: 60vh; \/* Vollbildh\u00f6he *\/\n        \/*background-image: url(''); \/* Ersetze dies durch die URL deines Hintergrundbildes\n        https:\/\/i.ibb.co\/Ngv1zhL\/balkan-banner-01.jpg\n        *\/\n        background-size: cover;\n        background-position: top;\n        background-repeat: no-repeat;\n        display: flex;\n        justify-content: center; \/* Zentriert den Text horizontal *\/\n        align-items: center; \/* Zentriert den Text vertikal *\/\n        text-align: center; \/* Text wird zentriert *\/\n        overflow: hidden; \/* Verhindert, dass Inhalte au\u00dferhalb des Containers sichtbar sind *\/\n    }\n\n    \/* Stil f\u00fcr den Text *\/\n    .hero-text {\n        background-color: rgba(255, 255, 255, 0.7); \/* Halbtransparenter schwarzer Hintergrund *\/\n        padding: 30px;\n        border-radius: 20px;\n        font-size: 2em; \/* Gr\u00f6\u00dfe des Textes *\/\n    }\n<\/style>\n\t\t<\/div>\n\t\t\t\t<\/div>\n\t\t\t\t\t<\/div>\n\t\t\t\t<\/div>\n\t\t<div class=\"elementor-element elementor-element-1bc4334 e-flex e-con-boxed e-con e-parent\" data-id=\"1bc4334\" data-element_type=\"container\">\n\t\t\t\t\t<div class=\"e-con-inner\">\n\t\t\t\t<div class=\"elementor-element elementor-element-d927c57 elementor-widget elementor-widget-text-editor\" data-id=\"d927c57\" data-element_type=\"widget\" data-widget_type=\"text-editor.default\">\n\t\t\t\t<div class=\"elementor-widget-container\">\n\t\t\t\t\t\t\t<h2>Unser Tanzkreis<\/h2>\t\t\t\t\t\t<\/div>\n\t\t\t\t<\/div>\n\t\t\t\t<div class=\"elementor-element elementor-element-d2f60c1 elementor-widget elementor-widget-text-editor\" data-id=\"d2f60c1\" data-element_type=\"widget\" data-widget_type=\"text-editor.default\">\n\t\t\t\t<div class=\"elementor-widget-container\">\n\t\t\t\t\t\t\t<p>Von Slowenien bis in die T\u00fcrkei \u2013 bei uns k\u00f6nnt ihr die traditioneller Tanzstile der gesamten Balkanregion entdecken! Jeden <strong>Dienstag ab 19:30 Uhr<\/strong> treffen wir uns im<strong> KuBuS<\/strong>, um gemeinsam in die Welt des Tanzes einzutauchen. Egal, ob Anf\u00e4nger oder erfahrener T\u00e4nzer, hier ist jeder willkommen!<\/p>\t\t\t\t\t\t<\/div>\n\t\t\t\t<\/div>\n\t\t\t\t<div class=\"elementor-element elementor-element-f8c6d65 elementor-widget elementor-widget-text-editor\" data-id=\"f8c6d65\" data-element_type=\"widget\" data-widget_type=\"text-editor.default\">\n\t\t\t\t<div class=\"elementor-widget-container\">\n\t\t\t\t\t\t\t<div class=\"flex max-w-full flex-col flex-grow\"><div class=\"min-h-8 text-message flex w-full flex-col items-end gap-2 whitespace-normal break-words [.text-message+&amp;]:mt-5\" dir=\"auto\" data-message-author-role=\"assistant\" data-message-id=\"d1553e5a-6c5b-416f-b4fc-ee1eddd63a66\"><div class=\"flex w-full flex-col gap-1 empty:hidden first:pt-[3px]\"><div class=\"markdown prose w-full break-words dark:prose-invert dark\"><p>&#8222;Die T\u00e4nze des Balkans vereinen Tradition, Leidenschaft und Gemeinschaft \u2013 ein lebendiger Rhythmus, der Herzen und Kulturen verbindet.&#8220;<\/p><\/div><\/div><\/div><\/div>\t\t\t\t\t\t<\/div>\n\t\t\t\t<\/div>\n\t\t\t\t<div class=\"elementor-element elementor-element-6038686 elementor-widget elementor-widget-text-editor\" data-id=\"6038686\" data-element_type=\"widget\" data-widget_type=\"text-editor.default\">\n\t\t\t\t<div class=\"elementor-widget-container\">\n\t\t\t\t\t\t\t<p>Balkant\u00e4nze sind eine lebendige und vielf\u00e4ltige Tanztradition, die die kulturelle Vielfalt der Region widerspiegelt. Sie zeichnen sich durch teilweise komplexe Rhythmen, schnelle Schritte oder auch enge Gruppent\u00e4nze aus, bei denen die T\u00e4nzer oft Hand in Hand oder Schulter an Schulter stehen. Diese T\u00e4nze verbinden Gemeinschaftsgef\u00fchl mit musikalischer Vielfalt.<\/p>\t\t\t\t\t\t<\/div>\n\t\t\t\t<\/div>\n\t\t\t\t\t<\/div>\n\t\t\t\t<\/div>\n\t\t<div class=\"elementor-element elementor-element-90c2726 e-flex e-con-boxed e-con e-parent\" data-id=\"90c2726\" data-element_type=\"container\" data-settings=\"{&quot;background_background&quot;:&quot;classic&quot;}\">\n\t\t\t\t\t<div class=\"e-con-inner\">\n\t\t<div class=\"elementor-element elementor-element-9ce619f e-con-full e-flex e-con e-child\" data-id=\"9ce619f\" data-element_type=\"container\">\n\t\t\t\t<div class=\"elementor-element elementor-element-d617114 elementor-widget elementor-widget-text-editor\" data-id=\"d617114\" data-element_type=\"widget\" data-widget_type=\"text-editor.default\">\n\t\t\t\t<div class=\"elementor-widget-container\">\n\t\t\t\t\t\t\t<h2><strong>Tanzveranstaltungen in Jena<br \/><\/strong><\/h2>\t\t\t\t\t\t<\/div>\n\t\t\t\t<\/div>\n\t\t\t\t<div class=\"elementor-element elementor-element-5ad8b93 elementor-widget elementor-widget-text-editor\" data-id=\"5ad8b93\" data-element_type=\"widget\" data-widget_type=\"text-editor.default\">\n\t\t\t\t<div class=\"elementor-widget-container\">\n\t\t\t\t\t\t\t<p>Unser Tanzkreis in Jena bietet dir nicht nur Bewegung, sondern auch Gemeinschaft und Freude! Komm vorbei, wann immer du m\u00f6chtest \u2013 egal, ob du regelm\u00e4\u00dfig mittanzt oder einfach einmal reinschnuppern m\u00f6chtest. Der Einstieg ist jederzeit m\u00f6glich, und es ist keine Anmeldung erforderlich!<\/p><p>In der ersten H\u00e4lfte des Abends f\u00fchren wir dich in die Grundschritte f\u00fcr Anf\u00e4nger ein, w\u00e4hrend in der zweiten H\u00e4lfte auch fortgeschrittene T\u00e4nze auf dem Programm stehen. Du brauchst keinen festen Tanzpartner \u2013 komm einfach vorbei, tanze mit uns und hab Spa\u00df!<\/p>\t\t\t\t\t\t<\/div>\n\t\t\t\t<\/div>\n\t\t\t\t<\/div>\n\t\t<div class=\"elementor-element elementor-element-0bd0acf e-con-full e-flex e-con e-child\" data-id=\"0bd0acf\" data-element_type=\"container\">\n\t\t\t\t<div class=\"elementor-element elementor-element-4056081 elementor-widget elementor-widget-text-editor\" data-id=\"4056081\" data-element_type=\"widget\" data-widget_type=\"text-editor.default\">\n\t\t\t\t<div class=\"elementor-widget-container\">\n\t\t\t\t\t\t\t<p><strong>Wann?<br \/><\/strong>Jeden Dienstag, ab 19:30 &#8211; 22:00 Uhr<\/p>\t\t\t\t\t\t<\/div>\n\t\t\t\t<\/div>\n\t\t\t\t<div class=\"elementor-element elementor-element-0f53a1a elementor-widget elementor-widget-text-editor\" data-id=\"0f53a1a\" data-element_type=\"widget\" data-widget_type=\"text-editor.default\">\n\t\t\t\t<div class=\"elementor-widget-container\">\n\t\t\t\t\t\t\t<p><strong>Wo?<\/strong><br \/>KuBuS Jena, Theobald-Renner-Stra\u00dfe 1a<\/p>\t\t\t\t\t\t<\/div>\n\t\t\t\t<\/div>\n\t\t\t\t<\/div>\n\t\t<div class=\"elementor-element elementor-element-340a36a e-con-full e-flex e-con e-child\" data-id=\"340a36a\" data-element_type=\"container\">\n\t\t\t\t<div class=\"elementor-element elementor-element-c92a282 elementor-widget elementor-widget-google_maps\" data-id=\"c92a282\" data-element_type=\"widget\" data-widget_type=\"google_maps.default\">\n\t\t\t\t<div class=\"elementor-widget-container\">\n\t\t\t\t\t<div class=\"elementor-custom-embed\">\n\t\t\t<iframe loading=\"lazy\"\n\t\t\t\t\tsrc=\"https:\/\/maps.google.com\/maps?q=Theobald-Renner-Stra%C3%9Fe%201a%2C%20Jena%2C%20Deutschland&#038;t=m&#038;z=14&#038;output=embed&#038;iwloc=near\"\n\t\t\t\t\ttitle=\"Theobald-Renner-Stra\u00dfe 1a, Jena, Deutschland\"\n\t\t\t\t\taria-label=\"Theobald-Renner-Stra\u00dfe 1a, Jena, Deutschland\"\n\t\t\t><\/iframe>\n\t\t<\/div>\n\t\t\t\t<\/div>\n\t\t\t\t<\/div>\n\t\t\t\t<\/div>\n\t\t\t\t\t<\/div>\n\t\t\t\t<\/div>\n\t\t<div class=\"elementor-element elementor-element-d9e8615 e-flex e-con-boxed e-con e-parent\" data-id=\"d9e8615\" data-element_type=\"container\" data-settings=\"{&quot;background_background&quot;:&quot;classic&quot;}\">\n\t\t\t\t\t<div class=\"e-con-inner\">\n\t\t<div class=\"elementor-element elementor-element-c078138 e-con-full e-flex e-con e-child\" data-id=\"c078138\" data-element_type=\"container\">\n\t\t\t\t<div class=\"elementor-element elementor-element-5c3adc6 elementor-widget elementor-widget-image\" data-id=\"5c3adc6\" data-element_type=\"widget\" data-widget_type=\"image.default\">\n\t\t\t\t<div class=\"elementor-widget-container\">\n\t\t\t\t\t\t\t\t\t\t\t\t\t<img fetchpriority=\"high\" decoding=\"async\" width=\"1024\" height=\"651\" src=\"https:\/\/balkantanz-jena.de\/tanz\/wp-content\/uploads\/2024\/09\/balkan_text_02-1024x651.jpg\" class=\"attachment-large size-large wp-image-365\" alt=\"gemeinsamer Tanz Jena\" srcset=\"https:\/\/balkantanz-jena.de\/tanz\/wp-content\/uploads\/2024\/09\/balkan_text_02-1024x651.jpg 1024w, https:\/\/balkantanz-jena.de\/tanz\/wp-content\/uploads\/2024\/09\/balkan_text_02-300x191.jpg 300w, https:\/\/balkantanz-jena.de\/tanz\/wp-content\/uploads\/2024\/09\/balkan_text_02-768x488.jpg 768w, https:\/\/balkantanz-jena.de\/tanz\/wp-content\/uploads\/2024\/09\/balkan_text_02-1536x977.jpg 1536w, https:\/\/balkantanz-jena.de\/tanz\/wp-content\/uploads\/2024\/09\/balkan_text_02-2048x1302.jpg 2048w\" sizes=\"(max-width: 1024px) 100vw, 1024px\" \/>\t\t\t\t\t\t\t\t\t\t\t\t\t<\/div>\n\t\t\t\t<\/div>\n\t\t\t\t<\/div>\n\t\t<div class=\"elementor-element elementor-element-39d7720 e-con-full e-flex e-con e-child\" data-id=\"39d7720\" data-element_type=\"container\">\n\t\t\t\t<div class=\"elementor-element elementor-element-fe9427f elementor-widget elementor-widget-text-editor\" data-id=\"fe9427f\" data-element_type=\"widget\" data-widget_type=\"text-editor.default\">\n\t\t\t\t<div class=\"elementor-widget-container\">\n\t\t\t\t\t\t\t<h3>Folkloretanz in Jena<\/h3><p>Unser Balkantanzkreis bringt Menschen zusammen, die die traditionellen T\u00e4nze aus allen Regionen des Balkans lieben. Mit einfachen Schritten und mitrei\u00dfenden Rhythmen laden wir alle Tanzbegeisterten ein, sich uns anzuschlie\u00dfen.<\/p><p>Neben unserem Tanzkreis gibt es noch viele weitere M\u00f6glichkeiten in Jena, internationale T\u00e4nze kennenzulernen. So bietet der <a href=\"https:\/\/www.hochschulsportbuchung.uni-jena.de\/angebote\/aktueller_zeitraum\/_Tanzen__Internationale_Taenze_.html\"><strong>Unisportkurs f\u00fcr internationale Folklore<\/strong> <\/a>eine spannende Einf\u00fchrung in T\u00e4nze aus aller Welt, w\u00e4hrend die <a href=\"https:\/\/folkarena.wordpress.com\/termine\/\"><strong>FolkArena Jena<\/strong><\/a> regelm\u00e4\u00dfig Tanzabende mit Musik aus verschiedenen Kulturen organisiert.<\/p>\t\t\t\t\t\t<\/div>\n\t\t\t\t<\/div>\n\t\t\t\t<\/div>\n\t\t<div class=\"elementor-element elementor-element-f344ab0 e-con-full e-flex e-con e-child\" data-id=\"f344ab0\" data-element_type=\"container\">\n\t\t\t\t<div class=\"elementor-element elementor-element-0990a1a elementor-widget elementor-widget-text-editor\" data-id=\"0990a1a\" data-element_type=\"widget\" data-widget_type=\"text-editor.default\">\n\t\t\t\t<div class=\"elementor-widget-container\">\n\t\t\t\t\t\t\t<h3>Warum Balkantanz?<\/h3><p>Unser <strong>Balkantanzkreis in Jena<\/strong> steht engem Kontakt mit anderen Tanzgruppen in <a href=\"http:\/\/www.geomari.com\/detelina.htm\"><strong>Dresden<\/strong> <\/a>und <a href=\"http:\/\/www.freitagsgruppeberlin.de\"><strong>Berlin<\/strong><\/a>. Zudem pflegen wir eine enge Zusammenarbeit mit <a href=\"http:\/\/l-bulgaricus.de\/lbul\/neues\/\"><strong>L Bulgaricus e.V.<\/strong><\/a>, um die bulgarische Tanzkultur in Jena lebendig zu halten.<\/p><p>Durch unsere Kooperationen und den Austausch mit anderen Organisationen k\u00f6nnen wir immer wieder neue T\u00e4nze zu unserem Repertetoire hinzuf\u00fcgen und organisieren regelm\u00e4\u00dfig Workshops mit erfahrenen Tanzmeistern.<\/p>\t\t\t\t\t\t<\/div>\n\t\t\t\t<\/div>\n\t\t\t\t<\/div>\n\t\t<div class=\"elementor-element elementor-element-00a8c8c e-con-full e-flex e-con e-child\" data-id=\"00a8c8c\" data-element_type=\"container\">\n\t\t\t\t<div class=\"elementor-element elementor-element-3f931df elementor-widget elementor-widget-image\" data-id=\"3f931df\" data-element_type=\"widget\" data-widget_type=\"image.default\">\n\t\t\t\t<div class=\"elementor-widget-container\">\n\t\t\t\t\t\t\t\t\t\t\t\t\t<img decoding=\"async\" width=\"2560\" height=\"1920\" src=\"https:\/\/balkantanz-jena.de\/tanz\/wp-content\/uploads\/2021\/01\/IMG_20191116_164447-1-scaled.jpg\" class=\"attachment-full size-full wp-image-211\" alt=\"Tanzveranstaltung Jena\" srcset=\"https:\/\/balkantanz-jena.de\/tanz\/wp-content\/uploads\/2021\/01\/IMG_20191116_164447-1-scaled.jpg 2560w, https:\/\/balkantanz-jena.de\/tanz\/wp-content\/uploads\/2021\/01\/IMG_20191116_164447-1-300x225.jpg 300w, https:\/\/balkantanz-jena.de\/tanz\/wp-content\/uploads\/2021\/01\/IMG_20191116_164447-1-1024x768.jpg 1024w, https:\/\/balkantanz-jena.de\/tanz\/wp-content\/uploads\/2021\/01\/IMG_20191116_164447-1-768x576.jpg 768w, https:\/\/balkantanz-jena.de\/tanz\/wp-content\/uploads\/2021\/01\/IMG_20191116_164447-1-1536x1152.jpg 1536w, https:\/\/balkantanz-jena.de\/tanz\/wp-content\/uploads\/2021\/01\/IMG_20191116_164447-1-2048x1536.jpg 2048w\" sizes=\"(max-width: 2560px) 100vw, 2560px\" \/>\t\t\t\t\t\t\t\t\t\t\t\t\t<\/div>\n\t\t\t\t<\/div>\n\t\t\t\t<\/div>\n\t\t\t\t\t<\/div>\n\t\t\t\t<\/div>\n\t\t<div class=\"elementor-element elementor-element-a66b8df e-flex e-con-boxed e-con e-parent\" data-id=\"a66b8df\" data-element_type=\"container\">\n\t\t\t\t\t<div class=\"e-con-inner\">\n\t\t\t\t<div class=\"elementor-element elementor-element-594296c elementor-widget-divider--view-line elementor-widget elementor-widget-divider\" data-id=\"594296c\" data-element_type=\"widget\" data-widget_type=\"divider.default\">\n\t\t\t\t<div class=\"elementor-widget-container\">\n\t\t\t\t\t<div class=\"elementor-divider\">\n\t\t\t<span class=\"elementor-divider-separator\">\n\t\t\t\t\t\t<\/span>\n\t\t<\/div>\n\t\t\t\t<\/div>\n\t\t\t\t<\/div>\n\t\t\t\t\t<\/div>\n\t\t\t\t<\/div>\n\t\t<div class=\"elementor-element elementor-element-3b216e7 e-flex e-con-boxed e-con e-parent\" data-id=\"3b216e7\" data-element_type=\"container\">\n\t\t\t\t\t<div class=\"e-con-inner\">\n\t\t\t\t<div class=\"elementor-element elementor-element-a959bb1 elementor-widget elementor-widget-text-editor\" data-id=\"a959bb1\" data-element_type=\"widget\" data-widget_type=\"text-editor.default\">\n\t\t\t\t<div class=\"elementor-widget-container\">\n\t\t\t\t\t\t\t<h3>Unsere Geschichte<\/h3>\t\t\t\t\t\t<\/div>\n\t\t\t\t<\/div>\n\t\t\t\t<div class=\"elementor-element elementor-element-ef8ceff elementor-widget elementor-widget-text-editor\" data-id=\"ef8ceff\" data-element_type=\"widget\" data-widget_type=\"text-editor.default\">\n\t\t\t\t<div class=\"elementor-widget-container\">\n\t\t\t\t\t\t\t<p>Unser Tanzkreis begann als kleine Gruppe tanzbegeisterter Studierender der Universit\u00e4t Jena und wuchs seitdem stetig. 2013 gr\u00fcndeten wir den Unisportkurs \u201eBalkanische Volkst\u00e4nze\u201c, der mittlerweile T\u00e4nzerinnen und T\u00e4nzer aus ganz Jena und Umgebung anzieht. Seit 2016 tanzen wir regelm\u00e4\u00dfig im <a href=\"https:\/\/kubusjena.de\/kurse\/balkan-folk-tanzkurs\/\"><strong>KuBuS Jena<\/strong><\/a>, unserem neuen Zuhause. Auch w\u00e4hrend der Pandemie blieb unsere Leidenschaft f\u00fcr den Tanz bestehen, und jetzt freuen wir uns darauf, wieder in voller St\u00e4rke weiterzumachen und neue Mitglieder zu begr\u00fc\u00dfen.<\/p>\t\t\t\t\t\t<\/div>\n\t\t\t\t<\/div>\n\t\t\t\t<div class=\"elementor-element elementor-element-5028ef0 elementor-widget elementor-widget-text-editor\" data-id=\"5028ef0\" data-element_type=\"widget\" data-widget_type=\"text-editor.default\">\n\t\t\t\t<div class=\"elementor-widget-container\">\n\t\t\t\t\t\t\t<p><a class=\"wp-block-button__link wp-element-button\" href=\"https:\/\/balkantanz-jena.de\/tanz\/about\/\">MEHR ERFAHREN<\/a><\/p>\t\t\t\t\t\t<\/div>\n\t\t\t\t<\/div>\n\t\t\t\t\t<\/div>\n\t\t\t\t<\/div>\n\t\t<div class=\"elementor-element elementor-element-2ba5d45 e-flex e-con-boxed e-con e-parent\" data-id=\"2ba5d45\" data-element_type=\"container\">\n\t\t\t\t\t<div class=\"e-con-inner\">\n\t\t\t\t<div class=\"elementor-element elementor-element-eb9afe4 elementor-widget-divider--view-line elementor-widget elementor-widget-divider\" data-id=\"eb9afe4\" data-element_type=\"widget\" data-widget_type=\"divider.default\">\n\t\t\t\t<div class=\"elementor-widget-container\">\n\t\t\t\t\t<div class=\"elementor-divider\">\n\t\t\t<span class=\"elementor-divider-separator\">\n\t\t\t\t\t\t<\/span>\n\t\t<\/div>\n\t\t\t\t<\/div>\n\t\t\t\t<\/div>\n\t\t\t\t\t<\/div>\n\t\t\t\t<\/div>\n\t\t<div class=\"elementor-element elementor-element-d1cc438 e-flex e-con-boxed e-con e-parent\" data-id=\"d1cc438\" data-element_type=\"container\">\n\t\t\t\t\t<div class=\"e-con-inner\">\n\t\t\t\t<div class=\"elementor-element elementor-element-fd80960 elementor-widget elementor-widget-text-editor\" data-id=\"fd80960\" data-element_type=\"widget\" data-widget_type=\"text-editor.default\">\n\t\t\t\t<div class=\"elementor-widget-container\">\n\t\t\t\t\t\t\t<h3>Die faszinierende Geschichte der Balkant\u00e4nze<\/h3>\t\t\t\t\t\t<\/div>\n\t\t\t\t<\/div>\n\t\t\t\t<div class=\"elementor-element elementor-element-643da6d elementor-widget elementor-widget-text-editor\" data-id=\"643da6d\" data-element_type=\"widget\" data-widget_type=\"text-editor.default\">\n\t\t\t\t<div class=\"elementor-widget-container\">\n\t\t\t\t\t\t\t<p>Balkant\u00e4nze haben eine lange Tradition und spiegeln die kulturelle Vielfalt der Balkanregion wider. Die T\u00e4nze entstanden in D\u00f6rfern und St\u00e4dten und wurden oft bei festlichen Anl\u00e4ssen wie Hochzeiten, Erntedankfesten und religi\u00f6sen Feierlichkeiten getanzt. Besonders in Bulgarien, Serbien und Mazedonien sind die T\u00e4nze bis heute ein wichtiger Bestandteil des kulturellen Erbes.<br \/>In Jena pflegen wir diese Tradition und bringen die Freude und Energie der Balkant\u00e4nze in unsere Tanzabende. Tauche ein in diese reiche Kultur und lass dich von den Rhythmen und Bewegungen begeistern!<\/p>\t\t\t\t\t\t<\/div>\n\t\t\t\t<\/div>\n\t\t\t\t\t<\/div>\n\t\t\t\t<\/div>\n\t\t<div class=\"elementor-element elementor-element-fe09dd9 e-flex e-con-boxed e-con e-parent\" data-id=\"fe09dd9\" data-element_type=\"container\">\n\t\t\t\t\t<div class=\"e-con-inner\">\n\t\t\t\t<div class=\"elementor-element elementor-element-25d77fa elementor-widget-divider--view-line elementor-widget elementor-widget-divider\" data-id=\"25d77fa\" data-element_type=\"widget\" data-widget_type=\"divider.default\">\n\t\t\t\t<div class=\"elementor-widget-container\">\n\t\t\t\t\t<div class=\"elementor-divider\">\n\t\t\t<span class=\"elementor-divider-separator\">\n\t\t\t\t\t\t<\/span>\n\t\t<\/div>\n\t\t\t\t<\/div>\n\t\t\t\t<\/div>\n\t\t\t\t\t<\/div>\n\t\t\t\t<\/div>\n\t\t<div class=\"elementor-element elementor-element-ff58a7b e-flex e-con-boxed e-con e-parent\" data-id=\"ff58a7b\" data-element_type=\"container\">\n\t\t\t\t\t<div class=\"e-con-inner\">\n\t\t\t\t<div class=\"elementor-element elementor-element-22627ab elementor-widget elementor-widget-text-editor\" data-id=\"22627ab\" data-element_type=\"widget\" data-widget_type=\"text-editor.default\">\n\t\t\t\t<div class=\"elementor-widget-container\">\n\t\t\t\t\t\t\t<h2>Ank\u00fcndigungen<\/h2>\t\t\t\t\t\t<\/div>\n\t\t\t\t<\/div>\n\t\t<div class=\"elementor-element elementor-element-0397907 e-con-full e-flex e-con e-child\" data-id=\"0397907\" data-element_type=\"container\">\n\t\t\t\t<div class=\"elementor-element elementor-element-abd7e29 elementor-widget__width-inherit elementor-widget elementor-widget-image\" data-id=\"abd7e29\" data-element_type=\"widget\" data-widget_type=\"image.default\">\n\t\t\t\t<div class=\"elementor-widget-container\">\n\t\t\t\t\t\t\t\t\t\t\t\t\t<img decoding=\"async\" width=\"1660\" height=\"1920\" src=\"https:\/\/balkantanz-jena.de\/tanz\/wp-content\/uploads\/2024\/11\/weihnachtsbuffet-scaled-e1731537803579.jpg\" class=\"attachment-full size-full wp-image-698\" alt=\"\" srcset=\"https:\/\/balkantanz-jena.de\/tanz\/wp-content\/uploads\/2024\/11\/weihnachtsbuffet-scaled-e1731537803579.jpg 1660w, https:\/\/balkantanz-jena.de\/tanz\/wp-content\/uploads\/2024\/11\/weihnachtsbuffet-scaled-e1731537803579-259x300.jpg 259w, https:\/\/balkantanz-jena.de\/tanz\/wp-content\/uploads\/2024\/11\/weihnachtsbuffet-scaled-e1731537803579-885x1024.jpg 885w, https:\/\/balkantanz-jena.de\/tanz\/wp-content\/uploads\/2024\/11\/weihnachtsbuffet-scaled-e1731537803579-768x888.jpg 768w, https:\/\/balkantanz-jena.de\/tanz\/wp-content\/uploads\/2024\/11\/weihnachtsbuffet-scaled-e1731537803579-1328x1536.jpg 1328w\" sizes=\"(max-width: 1660px) 100vw, 1660px\" \/>\t\t\t\t\t\t\t\t\t\t\t\t\t<\/div>\n\t\t\t\t<\/div>\n\t\t\t\t<div class=\"elementor-element elementor-element-ce6b0f5 elementor-widget__width-inherit elementor-widget elementor-widget-text-editor\" data-id=\"ce6b0f5\" data-element_type=\"widget\" data-widget_type=\"text-editor.default\">\n\t\t\t\t<div class=\"elementor-widget-container\">\n\t\t\t\t\t\t\t<h3><strong>Einladung zur Weihnachtsfeier am 05. Dezember im KuBuS!<\/strong><\/h3><p>Liebe Tanzfreunde,<\/p><p>bald ist es wieder soweit \u2013 unsere j\u00e4hrliche Weihnachtsfeier steht vor der T\u00fcr. Am Freitag, den <strong>05. Dezember<\/strong>, treffen wir uns im <strong>KuBuS<\/strong> in Jena.<\/p><p><strong>Ablauf des Abends:<\/strong><\/p><ul><li>Ab <strong>18:00Uhr<\/strong> beginnen wir mit dem Aufbau unseres Mitbringbuffets. Jeder ist herzlich eingeladen, eine kleine K\u00f6stlichkeit beizusteuern!<\/li><li>Gegen <strong>19:00 Uhr<\/strong> startet unsere Feier, und es erwartet euch ein Abend voller Leckereien, Musik und guter Laune.<\/li><\/ul><p>Lasst uns gemeinsam das Tanzjahr ausklingen lassen und die Vorfreude auf die Feiertage genie\u00dfen. Erz\u00e4hlt es gerne weiter \u2013 je mehr, desto festlicher!<\/p><p>Wir freuen uns auf einen wundersch\u00f6nen Abend mit euch!<\/p><p><span style=\"color: #ff0000;\">ACHTUNG: Am 09.12. findet der letzte regul\u00e4re Termin f\u00fcr dieses Jahr statt, danach geht es ab dem 06.01. im neuen Jahr weiter.<\/span><\/p>\t\t\t\t\t\t<\/div>\n\t\t\t\t<\/div>\n\t\t\t\t<\/div>\n\t\t\t\t\t<\/div>\n\t\t\t\t<\/div>\n\t\t<div class=\"elementor-element elementor-element-e680713 e-flex e-con-boxed e-con e-parent\" data-id=\"e680713\" data-element_type=\"container\">\n\t\t\t\t\t<div class=\"e-con-inner\">\n\t\t\t\t<div class=\"elementor-element elementor-element-15aadea elementor-widget-divider--view-line elementor-widget elementor-widget-divider\" data-id=\"15aadea\" data-element_type=\"widget\" data-widget_type=\"divider.default\">\n\t\t\t\t<div class=\"elementor-widget-container\">\n\t\t\t\t\t<div class=\"elementor-divider\">\n\t\t\t<span class=\"elementor-divider-separator\">\n\t\t\t\t\t\t<\/span>\n\t\t<\/div>\n\t\t\t\t<\/div>\n\t\t\t\t<\/div>\n\t\t\t\t\t<\/div>\n\t\t\t\t<\/div>\n\t\t<div class=\"elementor-element elementor-element-419ef45 e-flex e-con-boxed e-con e-parent\" data-id=\"419ef45\" data-element_type=\"container\">\n\t\t\t\t\t<div class=\"e-con-inner\">\n\t\t\t\t<div class=\"elementor-element elementor-element-93b7a7f elementor-widget elementor-widget-text-editor\" data-id=\"93b7a7f\" data-element_type=\"widget\" data-widget_type=\"text-editor.default\">\n\t\t\t\t<div class=\"elementor-widget-container\">\n\t\t\t\t\t\t\t<p>Bei weiteren Fragen schreibt uns gerne eine E-Mail an <strong>info@balkantanz-jena.de<\/strong>!<\/p>\t\t\t\t\t\t<\/div>\n\t\t\t\t<\/div>\n\t\t\t\t\t<\/div>\n\t\t\t\t<\/div>\n\t\t\t\t<\/div>\n\t\t","protected":false},"excerpt":{"rendered":"<p>Tanz in Jena Entdecke die Vielfalt der Balkanregion Unser Tanzkreis Von Slowenien bis in die T\u00fcrkei \u2013 bei uns k\u00f6nnt [&hellip;]<\/p>\n","protected":false},"author":6,"featured_media":0,"parent":0,"menu_order":0,"comment_status":"closed","ping_status":"closed","template":"","meta":{"_uag_custom_page_level_css":"","site-sidebar-layout":"no-sidebar","site-content-layout":"","ast-site-content-layout":"full-width-container","site-content-style":"default","site-sidebar-style":"default","ast-global-header-display":"","ast-banner-title-visibility":"","ast-main-header-display":"","ast-hfb-above-header-display":"","ast-hfb-below-header-display":"","ast-hfb-mobile-header-display":"","site-post-title":"disabled","ast-breadcrumbs-content":"","ast-featured-img":"","footer-sml-layout":"","theme-transparent-header-meta":"","adv-header-id-meta":"","stick-header-meta":"","header-above-stick-meta":"","header-main-stick-meta":"","header-below-stick-meta":"","astra-migrate-meta-layouts":"default","ast-page-background-enabled":"default","ast-page-background-meta":{"desktop":{"background-color":"var(--ast-global-color-4)","background-image":"","background-repeat":"repeat","background-position":"center center","background-size":"auto","background-attachment":"scroll","background-type":"","background-media":"","overlay-type":"","overlay-color":"","overlay-opacity":"","overlay-gradient":""},"tablet":{"background-color":"","background-image":"","background-repeat":"repeat","background-position":"center center","background-size":"auto","background-attachment":"scroll","background-type":"","background-media":"","overlay-type":"","overlay-color":"","overlay-opacity":"","overlay-gradient":""},"mobile":{"background-color":"","background-image":"","background-repeat":"repeat","background-position":"center center","background-size":"auto","background-attachment":"scroll","background-type":"","background-media":"","overlay-type":"","overlay-color":"","overlay-opacity":"","overlay-gradient":""}},"ast-content-background-meta":{"desktop":{"background-color":"var(--ast-global-color-5)","background-image":"","background-repeat":"repeat","background-position":"center center","background-size":"auto","background-attachment":"scroll","background-type":"","background-media":"","overlay-type":"","overlay-color":"","overlay-opacity":"","overlay-gradient":""},"tablet":{"background-color":"var(--ast-global-color-5)","background-image":"","background-repeat":"repeat","background-position":"center center","background-size":"auto","background-attachment":"scroll","background-type":"","background-media":"","overlay-type":"","overlay-color":"","overlay-opacity":"","overlay-gradient":""},"mobile":{"background-color":"var(--ast-global-color-5)","background-image":"","background-repeat":"repeat","background-position":"center center","background-size":"auto","background-attachment":"scroll","background-type":"","background-media":"","overlay-type":"","overlay-color":"","overlay-opacity":"","overlay-gradient":""}},"footnotes":""},"class_list":["post-321","page","type-page","status-publish","hentry"],"yoast_head":"<!-- This site is optimized with the Yoast SEO plugin v23.5 - https:\/\/yoast.com\/wordpress\/plugins\/seo\/ -->\n<title>Balkantanz Jena<\/title>\n<meta name=\"description\" content=\"Tanz in Jena: Erlebe die Vielfalt der traditionellen T\u00e4nzen aus der Balkanregion - Spa\u00df, Gemeinschaft und Bewegung f\u00fcr alle Niveaus.\" \/>\n<meta name=\"robots\" content=\"index, follow, max-snippet:-1, max-image-preview:large, max-video-preview:-1\" \/>\n<link rel=\"canonical\" href=\"https:\/\/balkantanz-jena.de\/tanz\/\" \/>\n<meta property=\"og:locale\" content=\"de_DE\" \/>\n<meta property=\"og:type\" content=\"article\" \/>\n<meta property=\"og:title\" content=\"Balkantanz Jena\" \/>\n<meta property=\"og:description\" content=\"Erlebe die Vielfalt der Folklore in Jena! Unser Tanzkreis l\u00e4dt jeden Dienstag ein, verschiedene T\u00e4nze aus dem Balkan zu entdecken\" \/>\n<meta property=\"og:url\" content=\"https:\/\/balkantanz-jena.de\/tanz\/\" \/>\n<meta property=\"og:site_name\" content=\"Balkantanz Jena\" \/>\n<meta property=\"article:modified_time\" content=\"2025-11-26T12:26:47+00:00\" \/>\n<meta property=\"og:image\" content=\"https:\/\/balkantanz-jena.de\/tanz\/wp-content\/uploads\/2024\/09\/balkan_text_02-scaled.jpg\" \/>\n\t<meta property=\"og:image:width\" content=\"2560\" \/>\n\t<meta property=\"og:image:height\" content=\"1628\" \/>\n\t<meta property=\"og:image:type\" content=\"image\/jpeg\" \/>\n<meta name=\"twitter:card\" content=\"summary_large_image\" \/>\n<meta name=\"twitter:label1\" content=\"Gesch\u00e4tzte Lesezeit\" \/>\n\t<meta name=\"twitter:data1\" content=\"5\u00a0Minuten\" \/>\n<script type=\"application\/ld+json\" class=\"yoast-schema-graph\">{\"@context\":\"https:\/\/schema.org\",\"@graph\":[{\"@type\":\"WebPage\",\"@id\":\"https:\/\/balkantanz-jena.de\/tanz\/\",\"url\":\"https:\/\/balkantanz-jena.de\/tanz\/\",\"name\":\"Balkantanz Jena\",\"isPartOf\":{\"@id\":\"https:\/\/balkantanz-jena.de\/tanz\/#website\"},\"primaryImageOfPage\":{\"@id\":\"https:\/\/balkantanz-jena.de\/tanz\/#primaryimage\"},\"image\":{\"@id\":\"https:\/\/balkantanz-jena.de\/tanz\/#primaryimage\"},\"thumbnailUrl\":\"https:\/\/balkantanz-jena.de\/tanz\/wp-content\/uploads\/2024\/09\/balkan_text_02-1024x651.jpg\",\"datePublished\":\"2024-09-18T08:31:14+00:00\",\"dateModified\":\"2025-11-26T12:26:47+00:00\",\"description\":\"Tanz in Jena: Erlebe die Vielfalt der traditionellen T\u00e4nzen aus der Balkanregion - Spa\u00df, Gemeinschaft und Bewegung f\u00fcr alle Niveaus.\",\"breadcrumb\":{\"@id\":\"https:\/\/balkantanz-jena.de\/tanz\/#breadcrumb\"},\"inLanguage\":\"de\",\"potentialAction\":[{\"@type\":\"ReadAction\",\"target\":[\"https:\/\/balkantanz-jena.de\/tanz\/\"]}]},{\"@type\":\"ImageObject\",\"inLanguage\":\"de\",\"@id\":\"https:\/\/balkantanz-jena.de\/tanz\/#primaryimage\",\"url\":\"https:\/\/balkantanz-jena.de\/tanz\/wp-content\/uploads\/2024\/09\/balkan_text_02-scaled.jpg\",\"contentUrl\":\"https:\/\/balkantanz-jena.de\/tanz\/wp-content\/uploads\/2024\/09\/balkan_text_02-scaled.jpg\",\"width\":2560,\"height\":1628,\"caption\":\"gemeinsamer Tanz Jena\"},{\"@type\":\"BreadcrumbList\",\"@id\":\"https:\/\/balkantanz-jena.de\/tanz\/#breadcrumb\",\"itemListElement\":[{\"@type\":\"ListItem\",\"position\":1,\"name\":\"Startseite\",\"item\":\"https:\/\/balkantanz-jena.de\/tanz\/\"},{\"@type\":\"ListItem\",\"position\":2,\"name\":\"Start\"}]},{\"@type\":\"WebSite\",\"@id\":\"https:\/\/balkantanz-jena.de\/tanz\/#website\",\"url\":\"https:\/\/balkantanz-jena.de\/tanz\/\",\"name\":\"Balkantanz Jena\",\"description\":\"Rhythmen, die verbinden.\",\"publisher\":{\"@id\":\"https:\/\/balkantanz-jena.de\/tanz\/#organization\"},\"potentialAction\":[{\"@type\":\"SearchAction\",\"target\":{\"@type\":\"EntryPoint\",\"urlTemplate\":\"https:\/\/balkantanz-jena.de\/tanz\/?s={search_term_string}\"},\"query-input\":{\"@type\":\"PropertyValueSpecification\",\"valueRequired\":true,\"valueName\":\"search_term_string\"}}],\"inLanguage\":\"de\"},{\"@type\":\"Organization\",\"@id\":\"https:\/\/balkantanz-jena.de\/tanz\/#organization\",\"name\":\"Balkantanz Jena\",\"url\":\"https:\/\/balkantanz-jena.de\/tanz\/\",\"logo\":{\"@type\":\"ImageObject\",\"inLanguage\":\"de\",\"@id\":\"https:\/\/balkantanz-jena.de\/tanz\/#\/schema\/logo\/image\/\",\"url\":\"https:\/\/balkantanz-jena.de\/tanz\/wp-content\/uploads\/2024\/09\/gizdova_moma_logo.png\",\"contentUrl\":\"https:\/\/balkantanz-jena.de\/tanz\/wp-content\/uploads\/2024\/09\/gizdova_moma_logo.png\",\"width\":2000,\"height\":2000,\"caption\":\"Balkantanz Jena\"},\"image\":{\"@id\":\"https:\/\/balkantanz-jena.de\/tanz\/#\/schema\/logo\/image\/\"}}]}<\/script>\n<!-- \/ Yoast SEO plugin. -->","yoast_head_json":{"title":"Balkantanz Jena","description":"Tanz in Jena: Erlebe die Vielfalt der traditionellen T\u00e4nzen aus der Balkanregion - Spa\u00df, Gemeinschaft und Bewegung f\u00fcr alle Niveaus.","robots":{"index":"index","follow":"follow","max-snippet":"max-snippet:-1","max-image-preview":"max-image-preview:large","max-video-preview":"max-video-preview:-1"},"canonical":"https:\/\/balkantanz-jena.de\/tanz\/","og_locale":"de_DE","og_type":"article","og_title":"Balkantanz Jena","og_description":"Erlebe die Vielfalt der Folklore in Jena! Unser Tanzkreis l\u00e4dt jeden Dienstag ein, verschiedene T\u00e4nze aus dem Balkan zu entdecken","og_url":"https:\/\/balkantanz-jena.de\/tanz\/","og_site_name":"Balkantanz Jena","article_modified_time":"2025-11-26T12:26:47+00:00","og_image":[{"width":2560,"height":1628,"url":"https:\/\/balkantanz-jena.de\/tanz\/wp-content\/uploads\/2024\/09\/balkan_text_02-scaled.jpg","type":"image\/jpeg"}],"twitter_card":"summary_large_image","twitter_misc":{"Gesch\u00e4tzte Lesezeit":"5\u00a0Minuten"},"schema":{"@context":"https:\/\/schema.org","@graph":[{"@type":"WebPage","@id":"https:\/\/balkantanz-jena.de\/tanz\/","url":"https:\/\/balkantanz-jena.de\/tanz\/","name":"Balkantanz Jena","isPartOf":{"@id":"https:\/\/balkantanz-jena.de\/tanz\/#website"},"primaryImageOfPage":{"@id":"https:\/\/balkantanz-jena.de\/tanz\/#primaryimage"},"image":{"@id":"https:\/\/balkantanz-jena.de\/tanz\/#primaryimage"},"thumbnailUrl":"https:\/\/balkantanz-jena.de\/tanz\/wp-content\/uploads\/2024\/09\/balkan_text_02-1024x651.jpg","datePublished":"2024-09-18T08:31:14+00:00","dateModified":"2025-11-26T12:26:47+00:00","description":"Tanz in Jena: Erlebe die Vielfalt der traditionellen T\u00e4nzen aus der Balkanregion - Spa\u00df, Gemeinschaft und Bewegung f\u00fcr alle Niveaus.","breadcrumb":{"@id":"https:\/\/balkantanz-jena.de\/tanz\/#breadcrumb"},"inLanguage":"de","potentialAction":[{"@type":"ReadAction","target":["https:\/\/balkantanz-jena.de\/tanz\/"]}]},{"@type":"ImageObject","inLanguage":"de","@id":"https:\/\/balkantanz-jena.de\/tanz\/#primaryimage","url":"https:\/\/balkantanz-jena.de\/tanz\/wp-content\/uploads\/2024\/09\/balkan_text_02-scaled.jpg","contentUrl":"https:\/\/balkantanz-jena.de\/tanz\/wp-content\/uploads\/2024\/09\/balkan_text_02-scaled.jpg","width":2560,"height":1628,"caption":"gemeinsamer Tanz Jena"},{"@type":"BreadcrumbList","@id":"https:\/\/balkantanz-jena.de\/tanz\/#breadcrumb","itemListElement":[{"@type":"ListItem","position":1,"name":"Startseite","item":"https:\/\/balkantanz-jena.de\/tanz\/"},{"@type":"ListItem","position":2,"name":"Start"}]},{"@type":"WebSite","@id":"https:\/\/balkantanz-jena.de\/tanz\/#website","url":"https:\/\/balkantanz-jena.de\/tanz\/","name":"Balkantanz Jena","description":"Rhythmen, die verbinden.","publisher":{"@id":"https:\/\/balkantanz-jena.de\/tanz\/#organization"},"potentialAction":[{"@type":"SearchAction","target":{"@type":"EntryPoint","urlTemplate":"https:\/\/balkantanz-jena.de\/tanz\/?s={search_term_string}"},"query-input":{"@type":"PropertyValueSpecification","valueRequired":true,"valueName":"search_term_string"}}],"inLanguage":"de"},{"@type":"Organization","@id":"https:\/\/balkantanz-jena.de\/tanz\/#organization","name":"Balkantanz Jena","url":"https:\/\/balkantanz-jena.de\/tanz\/","logo":{"@type":"ImageObject","inLanguage":"de","@id":"https:\/\/balkantanz-jena.de\/tanz\/#\/schema\/logo\/image\/","url":"https:\/\/balkantanz-jena.de\/tanz\/wp-content\/uploads\/2024\/09\/gizdova_moma_logo.png","contentUrl":"https:\/\/balkantanz-jena.de\/tanz\/wp-content\/uploads\/2024\/09\/gizdova_moma_logo.png","width":2000,"height":2000,"caption":"Balkantanz Jena"},"image":{"@id":"https:\/\/balkantanz-jena.de\/tanz\/#\/schema\/logo\/image\/"}}]}},"uagb_featured_image_src":{"full":false,"thumbnail":false,"medium":false,"medium_large":false,"large":false,"1536x1536":false,"2048x2048":false},"uagb_author_info":{"display_name":"Paul Kucera","author_link":"https:\/\/balkantanz-jena.de\/tanz\/author\/paul\/"},"uagb_comment_info":0,"uagb_excerpt":"Tanz in Jena Entdecke die Vielfalt der Balkanregion Unser Tanzkreis Von Slowenien bis in die T\u00fcrkei \u2013 bei uns k\u00f6nnt [&hellip;]","_links":{"self":[{"href":"https:\/\/balkantanz-jena.de\/tanz\/wp-json\/wp\/v2\/pages\/321","targetHints":{"allow":["GET"]}}],"collection":[{"href":"https:\/\/balkantanz-jena.de\/tanz\/wp-json\/wp\/v2\/pages"}],"about":[{"href":"https:\/\/balkantanz-jena.de\/tanz\/wp-json\/wp\/v2\/types\/page"}],"author":[{"embeddable":true,"href":"https:\/\/balkantanz-jena.de\/tanz\/wp-json\/wp\/v2\/users\/6"}],"replies":[{"embeddable":true,"href":"https:\/\/balkantanz-jena.de\/tanz\/wp-json\/wp\/v2\/comments?post=321"}],"version-history":[{"count":168,"href":"https:\/\/balkantanz-jena.de\/tanz\/wp-json\/wp\/v2\/pages\/321\/revisions"}],"predecessor-version":[{"id":721,"href":"https:\/\/balkantanz-jena.de\/tanz\/wp-json\/wp\/v2\/pages\/321\/revisions\/721"}],"wp:attachment":[{"href":"https:\/\/balkantanz-jena.de\/tanz\/wp-json\/wp\/v2\/media?parent=321"}],"curies":[{"name":"wp","href":"https:\/\/api.w.org\/{rel}","templated":true}]}}